{"id":7456,"date":"2024-01-09T12:42:21","date_gmt":"2024-01-09T11:42:21","guid":{"rendered":"https:\/\/centerslo.si\/en\/?page_id=7456"},"modified":"2026-01-09T14:48:31","modified_gmt":"2026-01-09T13:48:31","slug":"slovenscina-1-besedila-in-besedisce-za-juznoslovanske-govorce-slovenscine-kot-drugega-jezika-1-2","status":"publish","type":"page","link":"https:\/\/centerslo.si\/en\/books\/textbooks-and-handbooks\/beginner-level\/slovenscina-1-besedila-in-besedisce-za-juznoslovanske-govorce-slovenscine-kot-drugega-jezika-1-2\/","title":{"rendered":"Sloven\u0161\u010dina 1+, Besedila in besedi\u0161\u010de 1.2"},"content":{"rendered":"<h1>SLOVEN\u0160\u010cINA 1+, Besedila in besedi\u0161\u010de za ju\u017enoslovanske govorce sloven\u0161\u010dine kot drugega jezika 1.2<\/h1>\n<div class=\"grid highlight\">\n<div class=\"col span_1_of_3\"><img loading=\"lazy\" decoding=\"async\" class=\"alignnone size-medium wp-image-23163\" src=\"https:\/\/centerslo.si\/wp-content\/uploads\/2024\/01\/Besedila-1.2_ovitek-213x300.png\" alt=\"\" width=\"213\" height=\"300\" \/><\/div>\n<div class=\"col span_2_of_3\">\n<p><strong>SLOVEN\u0160\u010cINA 1+<br \/>\n<\/strong>Besedila in besedi\u0161\u010de za ju\u017enoslovanske govorce sloven\u0161\u010dine kot drugega jezika 1.2<\/p>\n<p>Authors: Mojca Stritar Ku\u010duk, Sta\u0161a Pisek in Helena \u0160ter<\/p>\n<p><a class=\"btn orange\" href=\"https:\/\/knjigarna.uni-lj.si\/Zul\/1005044-11\" target=\"_blank\" rel=\"noopener\">Buy<\/a><\/p>\n<p><a class=\"btn black\" href=\"https:\/\/centerslo.si\/knjige\/ucbeniki-in-prirocniki\/osnovna-stopnja\/slovenscina-1-besedila-in-besedisce-1-2_listanje\/\" target=\"_blank\" rel=\"noopener\">Browse<\/a><\/p>\n<\/div>\n<\/div>\n<p style=\"background: white;\"><span style=\"font-size: 13.5pt; font-family: 'Source Sans Pro',sans-serif; color: #555555;\">The\u00a0<em><span style=\"font-family: 'Source Sans Pro',sans-serif;\">Besedila in besedi\u0161\u010de za ju\u017enoslovanske govorce sloven\u0161\u010dine kot drugega jezika 1.2<\/span><\/em>\u00a0is part of the Slovenian 1+ learning curriculum. It is intended for international students participating in the first year of studies at the University of Ljubljana as part of the Leto plus module, engaging in two semesters of Slovenian language instruction for non-native speakers. The materials cover seven basic topics encountered by South Slavic speakers at the beginner level of learning. Each unit consists of activities for acquiring vocabulary and communication patterns, along with some short texts for reading comprehension. An important component includes tasks for written and oral communication.<\/span><\/p>\n<p style=\"background: white; font-variant-ligatures: normal; font-variant-caps: normal; orphans: 2; text-align: start; widows: 2; -webkit-text-stroke-width: 0px; text-decoration-thickness: initial; text-decoration-style: initial; text-decoration-color: initial; word-spacing: 0px;\"><span style=\"font-size: 13.5pt; font-family: 'Source Sans Pro',sans-serif; color: #555555;\">At the end of most units there are phonics exercises and some sociocultural information to better understand the environment in which students live and study.<\/span><\/p>\n<p style=\"background: white; font-variant-ligatures: normal; font-variant-caps: normal; orphans: 2; text-align: start; widows: 2; -webkit-text-stroke-width: 0px; text-decoration-thickness: initial; text-decoration-style: initial; text-decoration-color: initial; word-spacing: 0px;\"><span style=\"font-size: 13.5pt; font-family: 'Source Sans Pro',sans-serif; color: #555555;\">The materials are designed for use with a teacher, but to some extent, they can also be used independently, as solutions are provided at the end. It corresponds to learning Slovenian over one semester or 45-60 contact hours. First volume <em><span style=\"font-family: 'Source Sans Pro',sans-serif;\">Besedila 1.1<\/span><\/em><em><span style=\"font-family: 'Source Sans Pro',sans-serif; font-style: normal;\">, second volume<\/span><\/em><em><span style=\"font-family: 'Source Sans Pro',sans-serif;\"> Besedila 1.2 <\/span><\/em>and\u00a0<em><span style=\"font-family: 'Source Sans Pro',sans-serif;\">Sloven\u0161\u010dina 1+: Slovni\u010dne tabele in vaje<\/span><\/em> forming the\u00a0<em><span style=\"font-family: 'Source Sans Pro',sans-serif;\">Sloven\u0161\u010dina 1+<\/span><\/em>\u00a0learning set.<\/span><\/p>\n<p>\u00a0<img loading=\"lazy\" decoding=\"async\" class=\"alignnone  wp-image-23161\" src=\"https:\/\/centerslo.si\/wp-content\/uploads\/2024\/01\/1.2_Slovenscina_1_naslovnica-300x210.jpg\" alt=\"\" width=\"247\" height=\"173\" \/>\u00a0\u00a0<img loading=\"lazy\" decoding=\"async\" class=\"alignnone  wp-image-23162\" src=\"https:\/\/centerslo.si\/wp-content\/uploads\/2024\/01\/1.2_Slovenscina_1_poglavje_3-300x210.jpg\" alt=\"\" width=\"245\" height=\"172\" \/>\u00a0\u00a0<img loading=\"lazy\" decoding=\"async\" class=\"alignnone  wp-image-23156\" src=\"https:\/\/centerslo.si\/wp-content\/uploads\/2024\/01\/Slovenscina_1_naslovnice_1-300x210.jpg\" alt=\"\" width=\"246\" height=\"172\" \/><\/p>\n<p><a href=\"https:\/\/centerslo.si\/en\/wp-content\/uploads\/sites\/2\/2024\/05\/brumen_priznanje_brumen_recognition_2024_horizontal_positive_rgb.png\"><img loading=\"lazy\" decoding=\"async\" class=\"alignnone  wp-image-7739\" src=\"https:\/\/centerslo.si\/en\/wp-content\/uploads\/sites\/2\/2024\/05\/brumen_priznanje_brumen_recognition_2024_horizontal_positive_rgb-300x89.png\" alt=\"\" width=\"270\" height=\"80\" srcset=\"https:\/\/centerslo.si\/en\/wp-content\/uploads\/sites\/2\/2024\/05\/brumen_priznanje_brumen_recognition_2024_horizontal_positive_rgb-300x89.png 300w, https:\/\/centerslo.si\/en\/wp-content\/uploads\/sites\/2\/2024\/05\/brumen_priznanje_brumen_recognition_2024_horizontal_positive_rgb-1024x303.png 1024w, https:\/\/centerslo.si\/en\/wp-content\/uploads\/sites\/2\/2024\/05\/brumen_priznanje_brumen_recognition_2024_horizontal_positive_rgb-768x227.png 768w, https:\/\/centerslo.si\/en\/wp-content\/uploads\/sites\/2\/2024\/05\/brumen_priznanje_brumen_recognition_2024_horizontal_positive_rgb.png 1035w\" sizes=\"auto, (max-width: 270px) 100vw, 270px\" \/><\/a><\/p>\n<hr \/>\n<p>See also:<\/p>\n<p><a href=\"https:\/\/centerslo.si\/en\/books\/textbooks-and-handbooks\/beginner-level\/slovenscina-1-slovnicne-tabele-in-vaje\/\"><img loading=\"lazy\" decoding=\"async\" class=\"alignnone  wp-image-19550\" src=\"https:\/\/centerslo.si\/wp-content\/uploads\/2021\/10\/Sloven\u0161\u010dina-1_naslovnica_jpg-212x300.jpg\" alt=\"\" width=\"134\" height=\"190\" \/><\/a>\u00a0<a href=\"https:\/\/centerslo.si\/en\/books\/textbooks-and-handbooks\/beginner-level\/slovenscina-1\/\"><img loading=\"lazy\" decoding=\"async\" class=\"alignnone  wp-image-22559\" src=\"https:\/\/centerslo.si\/wp-content\/uploads\/2023\/10\/S-plus_Besedila-1.1_ovitek-205x300.jpg\" alt=\"\" width=\"130\" height=\"190\" \/><\/a><\/p>\n","protected":false},"excerpt":{"rendered":"<p>SLOVEN\u0160\u010cINA 1+, Besedila in besedi\u0161\u010de za ju\u017enoslovanske govorce sloven\u0161\u010dine kot drugega jezika 1.2 SLOVEN\u0160\u010cINA 1+ Besedila in besedi\u0161\u010de za ju\u017enoslovanske govorce sloven\u0161\u010dine kot drugega jezika 1.2 Authors: Mojca Stritar Ku\u010duk, Sta\u0161a Pisek in Helena \u0160ter Buy Browse The\u00a0Besedila in besedi\u0161\u010de za ju\u017enoslovanske govorce sloven\u0161\u010dine kot drugega jezika 1.2\u00a0is part of the Slovenian 1+ learning curriculum. [&hellip;]<\/p>\n","protected":false},"author":21,"featured_media":0,"parent":170,"menu_order":0,"comment_status":"closed","ping_status":"closed","template":"page-content-menu.php","meta":{"_acf_changed":false,"footnotes":""},"class_list":["post-7456","page","type-page","status-publish","hentry"],"acf":[],"_links":{"self":[{"href":"https:\/\/centerslo.si\/en\/wp-json\/wp\/v2\/pages\/7456","targetHints":{"allow":["GET"]}}],"collection":[{"href":"https:\/\/centerslo.si\/en\/wp-json\/wp\/v2\/pages"}],"about":[{"href":"https:\/\/centerslo.si\/en\/wp-json\/wp\/v2\/types\/page"}],"author":[{"embeddable":true,"href":"https:\/\/centerslo.si\/en\/wp-json\/wp\/v2\/users\/21"}],"replies":[{"embeddable":true,"href":"https:\/\/centerslo.si\/en\/wp-json\/wp\/v2\/comments?post=7456"}],"version-history":[{"count":10,"href":"https:\/\/centerslo.si\/en\/wp-json\/wp\/v2\/pages\/7456\/revisions"}],"predecessor-version":[{"id":9745,"href":"https:\/\/centerslo.si\/en\/wp-json\/wp\/v2\/pages\/7456\/revisions\/9745"}],"up":[{"embeddable":true,"href":"https:\/\/centerslo.si\/en\/wp-json\/wp\/v2\/pages\/170"}],"wp:attachment":[{"href":"https:\/\/centerslo.si\/en\/wp-json\/wp\/v2\/media?parent=7456"}],"curies":[{"name":"wp","href":"https:\/\/api.w.org\/{rel}","templated":true}]}}