{"id":659,"date":"2015-12-10T10:44:29","date_gmt":"2015-12-10T09:44:29","guid":{"rendered":"http:\/\/centerslo.si\/en\/?page_id=659"},"modified":"2025-02-10T18:23:21","modified_gmt":"2025-02-10T17:23:21","slug":"learning-material","status":"publish","type":"page","link":"https:\/\/centerslo.si\/en\/for-children\/learning-material\/","title":{"rendered":"Learning material"},"content":{"rendered":"<hr \/>\n<p><span style=\"color: #000000;\"><strong><a style=\"color: #000000;\" href=\"https:\/\/centerslo.si\/knjige\/ucbeniki-in-prirocniki\/prirocniki-in-ucno-gradivo\/slika-jezika\/\">Slika jezika<\/a>\u00a0<\/strong><\/span><\/p>\n<p><a href=\"_wp_link_placeholder\" data-wplink-edit=\"true\"><a href=\"https:\/\/centerslo.si\/knjige\/ucbeniki-in-prirocniki\/prirocniki-in-ucno-gradivo\/slika-jezika\/\"><img loading=\"lazy\" decoding=\"async\" src=\"https:\/\/centerslo.si\/wp-content\/uploads\/2015\/10\/prirocnik-slika-jezika.jpg\" alt=\"\" width=\"180\" height=\"261\" \/><\/a><\/p>\n<hr \/>\n<h3><a id=\"uvo\"><\/a>Material for teenagers<\/h3>\n<h3><a href=\"https:\/\/centerslo.si\/knjige\/ucbeniki-in-prirocniki\/osnovna-stopnja\/cas-za-slovenscino-1\/\"><strong><span style=\"color: #000000;\">\u010cas za sloven\u0161\u010dino 1<\/span><\/strong><\/a> \u00a0\u00a0\u00a0\u00a0\u00a0\u00a0\u00a0\u00a0\u00a0\u00a0\u00a0\u00a0\u00a0\u00a0\u00a0\u00a0\u00a0\u00a0\u00a0\u00a0\u00a0\u00a0\u00a0\u00a0\u00a0\u00a0\u00a0\u00a0\u00a0\u00a0\u00a0\u00a0\u00a0 <span style=\"color: #000000;\"><a style=\"color: #000000;\" href=\"https:\/\/centerslo.si\/knjige\/ucbeniki-in-prirocniki\/osnovna-stopnja\/cas-za-slovenscino-2\/\"><strong>\u010cas za sloven\u0161\u010dino 2<\/strong><\/a><\/span><\/h3>\n<h3><a href=\"https:\/\/centerslo.si\/knjige\/ucbeniki-in-prirocniki\/osnovna-stopnja\/cas-za-slovenscino-1\/\"><img loading=\"lazy\" decoding=\"async\" class=\"alignnone wp-image-12146 size-medium\" src=\"https:\/\/centerslo.si\/wp-content\/uploads\/2015\/10\/Cas-za-slovenscino-1_ucbenik_ovitek-210x300.jpg\" alt=\"\" width=\"180\" height=\"257\" \/><\/a>\u00a0<a href=\"https:\/\/centerslo.si\/knjige\/ucbeniki-in-prirocniki\/osnovna-stopnja\/cas-za-slovenscino-1\/\"><img loading=\"lazy\" decoding=\"async\" class=\"alignnone wp-image-12145 size-medium\" src=\"https:\/\/centerslo.si\/wp-content\/uploads\/2015\/10\/Cas-za-slovenscino-1_DZ_ovitek-210x300.jpg\" alt=\"\" width=\"180\" height=\"257\" \/><\/a> <a href=\"https:\/\/centerslo.si\/knjige\/ucbeniki-in-prirocniki\/osnovna-stopnja\/cas-za-slovenscino-2\/\"><img loading=\"lazy\" decoding=\"async\" class=\"alignnone wp-image-12662 size-medium\" src=\"https:\/\/centerslo.si\/wp-content\/uploads\/2016\/04\/Cas-za-slovenscino-2_U-211x300.jpg\" alt=\"\" width=\"180\" height=\"256\" \/><\/a> <a href=\"https:\/\/centerslo.si\/knjige\/ucbeniki-in-prirocniki\/osnovna-stopnja\/cas-za-slovenscino-2\/\"><img loading=\"lazy\" decoding=\"async\" class=\"alignnone wp-image-12663 size-medium\" src=\"https:\/\/centerslo.si\/wp-content\/uploads\/2016\/04\/Cas-za-slovenscino-2_DZ-211x300.jpg\" alt=\"\" width=\"180\" height=\"256\" \/><\/a>\u00a0<\/h3>\n<hr \/>\n<h3><a id=\"uvo\"><\/a>Material for children<\/h3>\n<p><a href=\"https:\/\/centerslo.si\/knjige\/ucbeniki-in-prirocniki\/osnovna-stopnja\/kriz-kraz\/\"><span style=\"color: #000000;\"><strong>Kri\u017e kra\u017e<\/strong><\/span><\/a><\/p>\n<p><a href=\"https:\/\/centerslo.si\/knjige\/ucbeniki-in-prirocniki\/osnovna-stopnja\/kriz-kraz\/\"><img loading=\"lazy\" decoding=\"async\" class=\"alignnone size-medium wp-image-12154\" src=\"https:\/\/centerslo.si\/wp-content\/uploads\/2017\/11\/Kriz-kraz-1_ucbenik_ovitek-204x300.jpg\" alt=\"\" width=\"180\" height=\"265\" \/><\/a><\/p>\n<hr \/>\n<p><span style=\"color: #000000;\"><a style=\"color: #000000;\" href=\"https:\/\/centerslo.si\/wp-content\/uploads\/2023\/06\/Slovenscina-kot-drugi-in-ucni-jezik.pdf\"><strong>Sloven\u0161\u010dina kot u\u010dni jezik (projekt OBJEM)<\/strong><\/a><\/span><\/p>\n<p><a href=\"https:\/\/centerslo.si\/wp-content\/uploads\/2023\/06\/Slovenscina-kot-drugi-in-ucni-jezik.pdf\"><img loading=\"lazy\" decoding=\"async\" src=\"https:\/\/centerslo.si\/wp-content\/uploads\/2025\/02\/Slo-za-govorce.jpg\" alt=\"\" width=\"180\" height=\"270\" \/><\/a><\/p>\n\n","protected":false},"excerpt":{"rendered":"<p>Slika jezika\u00a0 Material for teenagers \u010cas za sloven\u0161\u010dino 1 \u00a0\u00a0\u00a0\u00a0\u00a0\u00a0\u00a0\u00a0\u00a0\u00a0\u00a0\u00a0\u00a0\u00a0\u00a0\u00a0\u00a0\u00a0\u00a0\u00a0\u00a0\u00a0\u00a0\u00a0\u00a0\u00a0\u00a0\u00a0\u00a0\u00a0\u00a0\u00a0\u00a0 \u010cas za sloven\u0161\u010dino 2 \u00a0 \u00a0 Material for children Kri\u017e kra\u017e Sloven\u0161\u010dina kot u\u010dni jezik (projekt OBJEM)<\/p>\n","protected":false},"author":10,"featured_media":0,"parent":21,"menu_order":2,"comment_status":"closed","ping_status":"closed","template":"page-content-menu.php","meta":{"_acf_changed":false,"footnotes":""},"class_list":["post-659","page","type-page","status-publish","hentry"],"acf":[],"_links":{"self":[{"href":"https:\/\/centerslo.si\/en\/wp-json\/wp\/v2\/pages\/659","targetHints":{"allow":["GET"]}}],"collection":[{"href":"https:\/\/centerslo.si\/en\/wp-json\/wp\/v2\/pages"}],"about":[{"href":"https:\/\/centerslo.si\/en\/wp-json\/wp\/v2\/types\/page"}],"author":[{"embeddable":true,"href":"https:\/\/centerslo.si\/en\/wp-json\/wp\/v2\/users\/10"}],"replies":[{"embeddable":true,"href":"https:\/\/centerslo.si\/en\/wp-json\/wp\/v2\/comments?post=659"}],"version-history":[{"count":26,"href":"https:\/\/centerslo.si\/en\/wp-json\/wp\/v2\/pages\/659\/revisions"}],"predecessor-version":[{"id":8618,"href":"https:\/\/centerslo.si\/en\/wp-json\/wp\/v2\/pages\/659\/revisions\/8618"}],"up":[{"embeddable":true,"href":"https:\/\/centerslo.si\/en\/wp-json\/wp\/v2\/pages\/21"}],"wp:attachment":[{"href":"https:\/\/centerslo.si\/en\/wp-json\/wp\/v2\/media?parent=659"}],"curies":[{"name":"wp","href":"https:\/\/api.w.org\/{rel}","templated":true}]}}