{"id":170,"date":"2015-12-02T07:41:48","date_gmt":"2015-12-02T06:41:48","guid":{"rendered":"http:\/\/centerslo.si\/en\/?page_id=170"},"modified":"2025-10-28T10:46:36","modified_gmt":"2025-10-28T09:46:36","slug":"beginner-level","status":"publish","type":"page","link":"https:\/\/centerslo.si\/en\/books\/textbooks-and-handbooks\/beginner-level\/","title":{"rendered":"Beginner Level"},"content":{"rendered":"<h1>Beginner Level<\/h1>\n<ul class=\"list-items\">\n<li><a href=\"https:\/\/centerslo.si\/en\/books\/textbooks-and-handbooks\/beginner-level\/slovenscina-ekspres-1\/\"><img decoding=\"async\" class=\"alignnone wp-image-5631 size-full\" src=\"https:\/\/centerslo.si\/wp-content\/uploads\/2015\/12\/ucbenik-slovenscina-ekspres-1.jpg\" alt=\"\" \/><\/a> <strong><a href=\"https:\/\/centerslo.si\/en\/books\/textbooks-and-handbooks\/beginner-level\/slovenscina-ekspres-1\/\">Sloven\u0161\u010dina ekspres 1<\/a><\/strong><\/li>\n<li><a href=\"https:\/\/centerslo.si\/en\/books\/textbooks-and-handbooks\/beginner-level\/a-b-c-1-2-3-gremo\/\"><img loading=\"lazy\" decoding=\"async\" class=\"alignnone wp-image-3169\" src=\"https:\/\/centerslo.si\/en\/wp-content\/uploads\/sites\/2\/2015\/12\/ABC_2018_ovitek-2-210x300.jpg\" alt=\"\" width=\"213\" height=\"304\" srcset=\"https:\/\/centerslo.si\/en\/wp-content\/uploads\/sites\/2\/2015\/12\/ABC_2018_ovitek-2-210x300.jpg 210w, https:\/\/centerslo.si\/en\/wp-content\/uploads\/sites\/2\/2015\/12\/ABC_2018_ovitek-2-768x1096.jpg 768w, https:\/\/centerslo.si\/en\/wp-content\/uploads\/sites\/2\/2015\/12\/ABC_2018_ovitek-2-718x1024.jpg 718w\" sizes=\"auto, (max-width: 213px) 100vw, 213px\" \/><\/a>\u00a0<strong><a href=\"https:\/\/centerslo.si\/en\/books\/textbooks-and-handbooks\/beginner-level\/a-b-c-1-2-3-gremo\/\">A, B, C &#8230; gremo<\/a><\/strong><\/li>\n<li><a href=\"https:\/\/centerslo.si\/en\/books\/textbooks-and-handbooks\/beginner-level\/a-b-c-1-2-3-gremo-za-govorce-albanscine\/\"><img decoding=\"async\" class=\"alignnone size-full wp-image-1967\" src=\"https:\/\/centerslo.si\/wp-content\/uploads\/2015\/10\/ucbenik-abc-123-gremo-za-albance.jpg\" alt=\"ucbenik-abc-123-gremo-za-albance\" \/><\/a> <strong><a href=\"https:\/\/centerslo.si\/en\/books\/textbooks-and-handbooks\/beginner-level\/a-b-c-1-2-3-gremo-za-govorce-albanscine\/\">A, B, C, &#8230; 1, 2, 3, gremo &#8211; za govorce alban\u0161\u010dine<\/a><\/strong><\/li>\n<li><a href=\"https:\/\/centerslo.si\/en\/books\/textbooks-and-handbooks\/intermediate-level\/gremo-naprej-2\/\"><img decoding=\"async\" class=\"alignnone size-full wp-image-1950\" src=\"https:\/\/centerslo.si\/wp-content\/uploads\/2015\/10\/ucbenik-gremo-naprej.jpg\" alt=\"ucbenik-gremo-naprej\" \/><\/a> <strong><a href=\"https:\/\/centerslo.si\/en\/books\/textbooks-and-handbooks\/beginner-level\/gremo-naprej\/\">Gremo naprej<\/a><\/strong><\/li>\n<li><a href=\"https:\/\/centerslo.si\/en\/books\/textbooks-and-handbooks\/beginner-level\/slovenska-beseda-v-zivo-1a\/\"><img decoding=\"async\" class=\"alignnone size-full wp-image-1966\" src=\"https:\/\/centerslo.si\/wp-content\/uploads\/2015\/10\/ucbenik-slovenska-beseda-v-zivo-1a.jpg\" alt=\"ucbenik-slovenska-beseda-v-zivo-1a\" \/><\/a> <strong><a href=\"https:\/\/centerslo.si\/en\/books\/textbooks-and-handbooks\/beginner-level\/slovenska-beseda-v-zivo-1a\/\">Slovenska beseda v \u017eivo 1a<\/a><\/strong><\/li>\n<li><a href=\"https:\/\/centerslo.si\/en\/books\/textbooks-and-handbooks\/beginner-level\/slovenska-beseda-v-zivo-1b\/\"><img decoding=\"async\" class=\"alignnone size-full wp-image-1966\" src=\"https:\/\/centerslo.si\/wp-content\/uploads\/2015\/10\/ucbenik-slovenska-beseda-v-zivo-1b.jpg\" alt=\"ucbenik-slovenska-beseda-v-zivo-1b\" \/><\/a> <strong><a href=\"https:\/\/centerslo.si\/en\/books\/textbooks-and-handbooks\/beginner-level\/slovenska-beseda-v-zivo-1b\/\">Slovenska beseda v \u017eivo 1b<\/a><\/strong><\/li>\n<li><a href=\"https:\/\/centerslo.si\/en\/books\/textbooks-and-handbooks\/beginner-level\/mozaik-slovenscine\/\"><img loading=\"lazy\" decoding=\"async\" class=\"alignnone wp-image-7237\" src=\"https:\/\/centerslo.si\/en\/wp-content\/uploads\/sites\/2\/2023\/09\/Mozaik-slovenscine_ovitek-212x300.jpg\" alt=\"\" width=\"202\" height=\"286\" srcset=\"https:\/\/centerslo.si\/en\/wp-content\/uploads\/sites\/2\/2023\/09\/Mozaik-slovenscine_ovitek-212x300.jpg 212w, https:\/\/centerslo.si\/en\/wp-content\/uploads\/sites\/2\/2023\/09\/Mozaik-slovenscine_ovitek-768x1086.jpg 768w, https:\/\/centerslo.si\/en\/wp-content\/uploads\/sites\/2\/2023\/09\/Mozaik-slovenscine_ovitek-724x1024.jpg 724w\" sizes=\"auto, (max-width: 202px) 100vw, 202px\" \/><\/a>\u00a0<a href=\"https:\/\/centerslo.si\/en\/books\/textbooks-and-handbooks\/beginner-level\/mozaik-slovenscine\/\"><strong>Mozaik sloven\u0161\u010dine<\/strong><\/a><\/li>\n<li><a href=\"https:\/\/centerslo.si\/en\/books\/textbooks-and-handbooks\/beginner-level\/s-slovenscino-nimam-tezav\/\"><img decoding=\"async\" class=\"alignnone size-full wp-image-1955\" src=\"https:\/\/centerslo.si\/wp-content\/uploads\/2015\/10\/ucbenik-s-slovenscino-nimam-tezav.jpg\" alt=\"ucbenik-s-slovenscino-nimam-tezav\" \/><\/a> <strong><a href=\"https:\/\/centerslo.si\/en\/books\/textbooks-and-handbooks\/beginner-level\/s-slovenscino-nimam-tezav\/\">S sloven\u0161\u010dino nimam te\u017eav<\/a><\/strong><\/li>\n<li><a href=\"https:\/\/centerslo.si\/en\/books\/textbooks-and-handbooks\/beginner-level\/fonetika-1\/\"><img loading=\"lazy\" decoding=\"async\" class=\"alignnone wp-image-4022\" src=\"https:\/\/centerslo.si\/en\/wp-content\/uploads\/sites\/2\/2019\/06\/Fonetika-1_ovitek-211x300.jpg\" alt=\"\" width=\"201\" height=\"288\" \/><\/a><strong>\u00a0<a href=\"https:\/\/centerslo.si\/en\/books\/textbooks-and-handbooks\/beginner-level\/fonetika-1\/\"><span style=\"color: #000000;\">Fonetika 1<\/span><\/a><\/strong><\/li>\n<li><a href=\"https:\/\/centerslo.si\/en\/books\/textbooks-and-handbooks\/beginner-level\/kriz-kraz\/\"><img loading=\"lazy\" decoding=\"async\" class=\"alignnone wp-image-12144\" src=\"https:\/\/centerslo.si\/wp-content\/uploads\/2015\/10\/Kriz-kraz-1_ucbenik_ovitek.jpg\" alt=\"\" width=\"195\" height=\"287\" \/>\u00a0<\/a><a href=\"https:\/\/centerslo.si\/knjige\/ucbeniki-in-prirocniki\/osnovna-stopnja\/kriz-kraz\/\"><strong>Kri\u017e kra\u017e<\/strong><\/a><\/li>\n<li><a href=\"https:\/\/centerslo.si\/en\/books\/textbooks-and-handbooks\/beginner-level\/cas-za-slovenscino-1\/\"><img loading=\"lazy\" decoding=\"async\" class=\"alignnone wp-image-12146 \" src=\"https:\/\/centerslo.si\/wp-content\/uploads\/2015\/10\/Cas-za-slovenscino-1_ucbenik_ovitek.jpg\" alt=\"\" width=\"201\" height=\"285\" \/><\/a><a href=\"https:\/\/centerslo.si\/knjige\/ucbeniki-in-prirocniki\/osnovna-stopnja\/cas-za-slovenscino-1\/\"> <strong>\u010cas za sloven\u0161\u010dino 1<\/strong><\/a><\/li>\n<li><a href=\"https:\/\/centerslo.si\/en\/books\/textbooks-and-handbooks\/beginner-level\/2970-2\/\"><img loading=\"lazy\" decoding=\"async\" class=\"alignnone wp-image-2968 \" src=\"https:\/\/centerslo.si\/en\/wp-content\/uploads\/sites\/2\/2015\/12\/Cas-za-slovenscino-2_U-211x300.jpg\" alt=\"\" width=\"202\" height=\"287\" srcset=\"https:\/\/centerslo.si\/en\/wp-content\/uploads\/sites\/2\/2015\/12\/Cas-za-slovenscino-2_U-211x300.jpg 211w, https:\/\/centerslo.si\/en\/wp-content\/uploads\/sites\/2\/2015\/12\/Cas-za-slovenscino-2_U-768x1093.jpg 768w, https:\/\/centerslo.si\/en\/wp-content\/uploads\/sites\/2\/2015\/12\/Cas-za-slovenscino-2_U-720x1024.jpg 720w, https:\/\/centerslo.si\/en\/wp-content\/uploads\/sites\/2\/2015\/12\/Cas-za-slovenscino-2_U.jpg 783w\" sizes=\"auto, (max-width: 202px) 100vw, 202px\" \/><\/a><a href=\"https:\/\/centerslo.si\/en\/books\/textbooks-and-handbooks\/beginner-level\/2970-2\/\">\u00a0<strong>\u010cas za sloven\u0161\u010dino 2<\/strong><\/a><\/li>\n<li><a href=\"https:\/\/centerslo.si\/en\/books\/textbooks-and-handbooks\/beginner-level\/slovenscina-1-slovnicne-tabele-in-vaje\/\"><img loading=\"lazy\" decoding=\"async\" class=\"alignnone wp-image-5868\" src=\"https:\/\/centerslo.si\/en\/wp-content\/uploads\/sites\/2\/2021\/10\/Sloven\u0161\u010dina-1_naslovnica_jpg-212x300.jpg\" alt=\"\" width=\"201\" height=\"284\" srcset=\"https:\/\/centerslo.si\/en\/wp-content\/uploads\/sites\/2\/2021\/10\/Sloven\u0161\u010dina-1_naslovnica_jpg-212x300.jpg 212w, https:\/\/centerslo.si\/en\/wp-content\/uploads\/sites\/2\/2021\/10\/Sloven\u0161\u010dina-1_naslovnica_jpg-768x1086.jpg 768w, https:\/\/centerslo.si\/en\/wp-content\/uploads\/sites\/2\/2021\/10\/Sloven\u0161\u010dina-1_naslovnica_jpg-724x1024.jpg 724w, https:\/\/centerslo.si\/en\/wp-content\/uploads\/sites\/2\/2021\/10\/Sloven\u0161\u010dina-1_naslovnica_jpg.jpg 1240w\" sizes=\"auto, (max-width: 201px) 100vw, 201px\" \/><\/a>\u00a0<a href=\"https:\/\/centerslo.si\/en\/books\/textbooks-and-handbooks\/beginner-level\/slovenscina-1-slovnicne-tabele-in-vaje\/\"><strong>Sloven\u0161\u010dina 1+, Slovni\u010dne tabele in vaje<\/strong><\/a><\/li>\n<li><a href=\"https:\/\/centerslo.si\/en\/books\/textbooks-and-handbooks\/beginner-level\/slovenscina-1\/\"><img loading=\"lazy\" decoding=\"async\" class=\"alignnone wp-image-7269 \" src=\"https:\/\/centerslo.si\/en\/wp-content\/uploads\/sites\/2\/2023\/10\/S-plus_Besedila-1.1_ovitek-205x300.jpg\" alt=\"\" width=\"197\" height=\"288\" srcset=\"https:\/\/centerslo.si\/en\/wp-content\/uploads\/sites\/2\/2023\/10\/S-plus_Besedila-1.1_ovitek-205x300.jpg 205w, https:\/\/centerslo.si\/en\/wp-content\/uploads\/sites\/2\/2023\/10\/S-plus_Besedila-1.1_ovitek-768x1123.jpg 768w, https:\/\/centerslo.si\/en\/wp-content\/uploads\/sites\/2\/2023\/10\/S-plus_Besedila-1.1_ovitek-701x1024.jpg 701w, https:\/\/centerslo.si\/en\/wp-content\/uploads\/sites\/2\/2023\/10\/S-plus_Besedila-1.1_ovitek.jpg 1226w\" sizes=\"auto, (max-width: 197px) 100vw, 197px\" \/><\/a>\u00a0<a href=\"https:\/\/centerslo.si\/en\/books\/textbooks-and-handbooks\/beginner-level\/slovenscina-1\/\"><strong>Sloven\u0161\u010dina 1+,\u00a0 Besedila in besedi\u0161\u010de 1.1<\/strong><\/a><\/li>\n<li><a href=\"https:\/\/centerslo.si\/en\/books\/textbooks-and-handbooks\/beginner-level\/slovenscina-1-besedila-in-besedisce-za-juznoslovanske-govorce-slovenscine-kot-drugega-jezika-1-2\/\"><img loading=\"lazy\" decoding=\"async\" class=\"alignnone wp-image-7454\" src=\"https:\/\/centerslo.si\/en\/wp-content\/uploads\/sites\/2\/2024\/01\/Besedila-1.2_ovitek--213x300.png\" alt=\"\" width=\"199\" height=\"280\" srcset=\"https:\/\/centerslo.si\/en\/wp-content\/uploads\/sites\/2\/2024\/01\/Besedila-1.2_ovitek--213x300.png 213w, https:\/\/centerslo.si\/en\/wp-content\/uploads\/sites\/2\/2024\/01\/Besedila-1.2_ovitek--768x1082.png 768w, https:\/\/centerslo.si\/en\/wp-content\/uploads\/sites\/2\/2024\/01\/Besedila-1.2_ovitek--727x1024.png 727w, https:\/\/centerslo.si\/en\/wp-content\/uploads\/sites\/2\/2024\/01\/Besedila-1.2_ovitek-.png 1036w\" sizes=\"auto, (max-width: 199px) 100vw, 199px\" \/><\/a>\u00a0<a href=\"https:\/\/centerslo.si\/en\/books\/textbooks-and-handbooks\/beginner-level\/slovenscina-1-besedila-in-besedisce-za-juznoslovanske-govorce-slovenscine-kot-drugega-jezika-1-2\/\"><strong>Sloven\u0161\u010dina 1+, Besedila in besedi\u0161\u010de 1.2<\/strong><\/a><\/li>\n<li><a href=\"https:\/\/centerslo.si\/en\/jezik-v-turizmu\/\"><img loading=\"lazy\" decoding=\"async\" class=\"\" src=\"https:\/\/centerslo.si\/en\/wp-content\/uploads\/sites\/2\/2025\/01\/Jezik-v-turizmu_.jpg\" alt=\"\" width=\"197\" height=\"278\" \/><\/a> <a href=\"https:\/\/centerslo.si\/en\/jezik-v-turizmu\/\"><strong>Jezik v turizmu<\/strong><\/a><\/li>\n<li><a href=\"https:\/\/centerslo.si\/en\/books\/textbooks-and-handbooks\/beginner-level\/naslon\/\"><img loading=\"lazy\" decoding=\"async\" class=\"alignnone size-medium wp-image-9522\" src=\"https:\/\/centerslo.si\/en\/wp-content\/uploads\/sites\/2\/2025\/10\/Naslon_naslovnica_-212x300.jpg\" alt=\"\" width=\"212\" height=\"300\" srcset=\"https:\/\/centerslo.si\/en\/wp-content\/uploads\/sites\/2\/2025\/10\/Naslon_naslovnica_-212x300.jpg 212w, https:\/\/centerslo.si\/en\/wp-content\/uploads\/sites\/2\/2025\/10\/Naslon_naslovnica_-724x1024.jpg 724w, https:\/\/centerslo.si\/en\/wp-content\/uploads\/sites\/2\/2025\/10\/Naslon_naslovnica_-768x1086.jpg 768w, https:\/\/centerslo.si\/en\/wp-content\/uploads\/sites\/2\/2025\/10\/Naslon_naslovnica_-1086x1536.jpg 1086w, https:\/\/centerslo.si\/en\/wp-content\/uploads\/sites\/2\/2025\/10\/Naslon_naslovnica_-1448x2048.jpg 1448w, https:\/\/centerslo.si\/en\/wp-content\/uploads\/sites\/2\/2025\/10\/Naslon_naslovnica_-scaled.jpg 1810w\" sizes=\"auto, (max-width: 212px) 100vw, 212px\" \/><\/a> <a href=\"https:\/\/centerslo.si\/en\/books\/textbooks-and-handbooks\/beginner-level\/naslon\/\"><strong>Naslon<\/strong><\/a><\/li>\n<\/ul>\n","protected":false},"excerpt":{"rendered":"<p>Beginner Level Sloven\u0161\u010dina ekspres 1 \u00a0A, B, C &#8230; gremo A, B, C, &#8230; 1, 2, 3, gremo &#8211; za govorce alban\u0161\u010dine Gremo naprej Slovenska beseda v \u017eivo 1a Slovenska beseda v \u017eivo 1b \u00a0Mozaik sloven\u0161\u010dine S sloven\u0161\u010dino nimam te\u017eav \u00a0Fonetika 1 \u00a0Kri\u017e kra\u017e \u010cas za sloven\u0161\u010dino 1 \u00a0\u010cas za sloven\u0161\u010dino 2 \u00a0Sloven\u0161\u010dina 1+, Slovni\u010dne [&hellip;]<\/p>\n","protected":false},"author":10,"featured_media":0,"parent":164,"menu_order":0,"comment_status":"closed","ping_status":"closed","template":"page-content-menu.php","meta":{"_acf_changed":false,"footnotes":""},"class_list":["post-170","page","type-page","status-publish","hentry"],"acf":[],"_links":{"self":[{"href":"https:\/\/centerslo.si\/en\/wp-json\/wp\/v2\/pages\/170","targetHints":{"allow":["GET"]}}],"collection":[{"href":"https:\/\/centerslo.si\/en\/wp-json\/wp\/v2\/pages"}],"about":[{"href":"https:\/\/centerslo.si\/en\/wp-json\/wp\/v2\/types\/page"}],"author":[{"embeddable":true,"href":"https:\/\/centerslo.si\/en\/wp-json\/wp\/v2\/users\/10"}],"replies":[{"embeddable":true,"href":"https:\/\/centerslo.si\/en\/wp-json\/wp\/v2\/comments?post=170"}],"version-history":[{"count":45,"href":"https:\/\/centerslo.si\/en\/wp-json\/wp\/v2\/pages\/170\/revisions"}],"predecessor-version":[{"id":9528,"href":"https:\/\/centerslo.si\/en\/wp-json\/wp\/v2\/pages\/170\/revisions\/9528"}],"up":[{"embeddable":true,"href":"https:\/\/centerslo.si\/en\/wp-json\/wp\/v2\/pages\/164"}],"wp:attachment":[{"href":"https:\/\/centerslo.si\/en\/wp-json\/wp\/v2\/media?parent=170"}],"curies":[{"name":"wp","href":"https:\/\/api.w.org\/{rel}","templated":true}]}}